{"id":2874,"date":"2017-12-29T11:07:14","date_gmt":"2017-12-29T10:07:14","guid":{"rendered":"http:\/\/foto.amu.cz\/archiv\/wp-content\/uploads\/2017\/12\/Vere\u0161pej-expon\u00e1t-1.jpg"},"modified":"2017-12-29T11:10:11","modified_gmt":"2017-12-29T10:10:11","slug":"verespej-exponat-1","status":"inherit","type":"attachment","link":"https:\/\/photography.famu.cz\/archiv\/?attachment_id=2874","title":{"rendered":"Vere\u0161pej expon\u00e1t 1"},"author":1,"comment_status":"closed","ping_status":"closed","template":"","meta":[],"description":{"rendered":"<p class=\"attachment\"><a href='https:\/\/photography.famu.cz\/archiv\/wp-content\/uploads\/2017\/12\/Vere\u0161pej-expon\u00e1t-1.jpg'><img loading=\"lazy\" decoding=\"async\" width=\"300\" height=\"200\" src=\"https:\/\/photography.famu.cz\/archiv\/wp-content\/uploads\/2017\/12\/Vere\u0161pej-expon\u00e1t-1-300x200.jpg\" class=\"attachment-medium size-medium\" alt=\"\" srcset=\"https:\/\/photography.famu.cz\/archiv\/wp-content\/uploads\/2017\/12\/Vere\u0161pej-expon\u00e1t-1-300x200.jpg 300w, https:\/\/photography.famu.cz\/archiv\/wp-content\/uploads\/2017\/12\/Vere\u0161pej-expon\u00e1t-1-845x563.jpg 845w, https:\/\/photography.famu.cz\/archiv\/wp-content\/uploads\/2017\/12\/Vere\u0161pej-expon\u00e1t-1.jpg 1400w\" sizes=\"(max-width: 300px) 100vw, 300px\" \/><\/a><\/p>\n"},"caption":{"rendered":"<p>Vere\u0161pej expon\u00e1t 1<\/p>\n"},"alt_text":"","media_type":"image","mime_type":"image\/jpeg","media_details":{"width":1400,"height":933,"file":"2017\/12\/Vere\u0161pej-expon\u00e1t-1.jpg","sizes":{"thumbnail":{"file":"Vere\u0161pej-expon\u00e1t-1-150x150.jpg","width":150,"height":150,"mime_type":"image\/jpeg","source_url":"https:\/\/photography.famu.cz\/archiv\/wp-content\/uploads\/2017\/12\/Vere\u0161pej-expon\u00e1t-1-150x150.jpg"},"medium":{"file":"Vere\u0161pej-expon\u00e1t-1-300x200.jpg","width":300,"height":200,"mime_type":"image\/jpeg","source_url":"https:\/\/photography.famu.cz\/archiv\/wp-content\/uploads\/2017\/12\/Vere\u0161pej-expon\u00e1t-1-300x200.jpg"},"large":{"file":"Vere\u0161pej-expon\u00e1t-1-845x563.jpg","width":845,"height":563,"mime_type":"image\/jpeg","source_url":"https:\/\/photography.famu.cz\/archiv\/wp-content\/uploads\/2017\/12\/Vere\u0161pej-expon\u00e1t-1-845x563.jpg"},"post-thumbnail":{"file":"Vere\u0161pej-expon\u00e1t-1-825x510.jpg","width":825,"height":510,"mime_type":"image\/jpeg","source_url":"https:\/\/photography.famu.cz\/archiv\/wp-content\/uploads\/2017\/12\/Vere\u0161pej-expon\u00e1t-1-825x510.jpg"},"full":{"file":"Vere\u0161pej-expon\u00e1t-1.jpg","width":1400,"height":933,"mime_type":"image\/jpeg","source_url":"https:\/\/photography.famu.cz\/archiv\/wp-content\/uploads\/2017\/12\/Vere\u0161pej-expon\u00e1t-1.jpg"}},"image_meta":{"aperture":20,"credit":"","camera":"Canon EOS 5D Mark II","caption":"","created_timestamp":1514495341,"copyright":"","focal_length":"100","iso":"100","shutter_speed":"0.008","title":"","orientation":1}},"post":2851,"source_url":"https:\/\/photography.famu.cz\/archiv\/wp-content\/uploads\/2017\/12\/Vere\u0161pej-expon\u00e1t-1.jpg","_links":{"self":[{"href":"https:\/\/photography.famu.cz\/archiv\/index.php?rest_route=\/wp\/v2\/media\/2874"}],"collection":[{"href":"https:\/\/photography.famu.cz\/archiv\/index.php?rest_route=\/wp\/v2\/media"}],"about":[{"href":"https:\/\/photography.famu.cz\/archiv\/index.php?rest_route=\/wp\/v2\/types\/attachment"}],"author":[{"embeddable":true,"href":"https:\/\/photography.famu.cz\/archiv\/index.php?rest_route=\/wp\/v2\/users\/1"}],"replies":[{"embeddable":true,"href":"https:\/\/photography.famu.cz\/archiv\/index.php?rest_route=%2Fwp%2Fv2%2Fcomments&post=2874"}]}}